{"id":149,"date":"2022-11-04T23:54:55","date_gmt":"2022-11-04T22:54:55","guid":{"rendered":"https:\/\/uvtaverny.fr\/?page_id=149"},"modified":"2025-10-23T18:09:12","modified_gmt":"2025-10-23T16:09:12","slug":"historique","status":"publish","type":"page","link":"https:\/\/uvtaverny.fr\/index.php\/historique\/","title":{"rendered":"Notre Histoire"},"content":{"rendered":"\t\t<div data-elementor-type=\"wp-page\" data-elementor-id=\"149\" class=\"elementor elementor-149\">\n\t\t\t\t\t\t<section class=\"elementor-section elementor-top-section elementor-element elementor-element-afdf1f0 elementor-section-boxed elementor-section-height-default elementor-section-height-default\" data-id=\"afdf1f0\" data-element_type=\"section\" data-e-type=\"section\">\n\t\t\t\t\t\t<div class=\"elementor-container elementor-column-gap-default\">\n\t\t\t\t\t<div class=\"elementor-column elementor-col-100 elementor-top-column elementor-element elementor-element-c1eb0b2\" data-id=\"c1eb0b2\" data-element_type=\"column\" data-e-type=\"column\">\n\t\t\t<div class=\"elementor-widget-wrap elementor-element-populated\">\n\t\t\t\t\t\t<div class=\"elementor-element elementor-element-1c73757 elementor-widget__width-initial elementor-widget elementor-widget-text-editor\" data-id=\"1c73757\" data-element_type=\"widget\" data-e-type=\"widget\" data-widget_type=\"text-editor.default\">\n\t\t\t\t<div class=\"elementor-widget-container\">\n\t\t\t\t\t\t\t\t\t<p><strong>L&rsquo;U<\/strong><b>nion V\u00e9locip\u00e9dique Tabernacienne, un club\u2026.une passion\u2026Une belle histoire\u2026<\/b><\/p><p>Tout a certainement commenc\u00e9, le jour o\u00f9 nous d\u00e9cidons d\u2019investir Taverny en 1976, pour y r\u00e9sider. Effectivement nous arrivons le 14 d\u00e9cembre, avec toute ma famille, d\u2019Argenteuil pour la Rue Gay- Lussac \u00e0 Taverny. Une fois les travaux d\u2019am\u00e9nagements de la maison termin\u00e9s, je d\u00e9cide un dimanche de prendre mon v\u00e9lo, celui de mon certificat d\u2019\u00e9tudes, un v\u00e9lo motobecane\u2026..vert m\u00e9tallis\u00e9, d\u2019au moins 11 ou 12 kg avec trois vitesses, pour rejoindre Baillet en France.<\/p><p>Les hasards font que je rencontre un client d\u2019Argenteuil qui me renseigne sur les coutumes des cyclos de l\u2019\u00e9poque : \u00abvenir \u00e0 Baillet pour se tirer des bourres sur ce circuit de 10 kms pour le petit et 18 kms par le Ch\u00e2teau d\u2019eau de Villiers-Adam\u00bb. Je fais mes premiers kilom\u00e8tres ce dimanche et je me promets de revenir les dimanches suivants, ce que je fais et qui confirme que j\u2019ai besoin de faire du sport, j\u2019avais avant mon mariage toujours fait du sport et ce depuis l\u2019\u00e2ge de neuf ans.<\/p><p>Les semaines passent et les relations avec les clients de mon salon de coiffure me font narrer mes premiers exploits. Je prends donc un jour rendez-vous avec un groupe de copains qui sont eux aussi des passionn\u00e9s. Nous \u00e9tions tous les dimanches 5 copains \u00e0 braver les c\u00f4tes de la r\u00e9gion par tous les temps.<\/p><p>Pendant deux ann\u00e9es nous sommes rest\u00e9s fid\u00e8les \u00e0 notre rendez-vous dominical.<\/p><p>Ensuite les al\u00e9as de la vie des uns et des autres ont vu notre groupe se r\u00e9duire quelque peu, nous n\u2019\u00e9tions souvent plus que deux ou trois unit\u00e9s\u2026.. Un voisin qui connaissait mon engagement sportif, me donna des renseignements sur un club de Taverny qui part chaque dimanche de la Place de Verdun.<\/p><p>Je fais le dimanche suivant le choix de rejoindre ce rendez-vous, o\u00f9 je suis tr\u00e8s bien accueilli par des cyclos qui au vu de leurs \u00e9quipements sont d\u00e9j\u00e0 confirm\u00e9s. Ils sont pour moi, le minot, une r\u00e9f\u00e9rence de passion et de culture cyclo. Je suis dans les plus jeunes puisqu\u2019\u00e0 cette \u00e9poque j\u2019ai 33 ans, les plus anciens ont au moins 20 ans de plus, mais l\u2019esprit est tr\u00e8s bon.<\/p><p>Je fais donc ma premi\u00e8re sortie club, nous partons vers Montlignon (d\u00e9j\u00e0), la c\u00f4te fait d\u00e9j\u00e0 des \u00e9carts, mais le tempo des premiers, fait que dans la descente tout le monde se regroupe et nous voil\u00e0 partis pour la matin\u00e9e\u2026.Les kilom\u00e8tres et surtout mon niveau, font que ce premier jour et aussi les quelques suivants, mon manque d\u2019exp\u00e9rience me font d\u00e9j\u00e0 rentrer tout seul\u2026.<\/p><p>Depuis ce jour j\u2019ai su que le v\u00e9lo n\u2019\u00e9tait pas un sport ais\u00e9 et qu\u2019il fallait s\u2019accrocher\u2026<\/p><p>Alors, j\u2019ai pendant plusieurs mois appris par les anciens comment g\u00e9rer mon \u00e9nergie, et j\u2019ai petit \u00e0 petit progress\u00e9. Ce groupe \u00e9tait la section cyclo du club de comp\u00e9tition de Taverny (VCTBSL ) V\u00e9lo Club Taverny Bessancourt St Leu. Anim\u00e9 par Roger Lignot, Vice-Pr\u00e9sident, personnage tr\u00e8s d\u00e9vou\u00e9 et d\u2019un tr\u00e8s bon esprit, il \u00e9tait surtout un rouage de r\u00e9f\u00e9rence pour toute la section. Il faisait les parcours, sans trop se soucier des d\u00e9nivel\u00e9s, donc il y avait d\u00e9j\u00e0 des grands prix de la montagne, qui se terminaient toujours dans la bonne humeur et le chambrage. Il \u00e9tait dans son travail \u00e0 la RATP, sous les ordres de Mr Havette, et au club il \u00e9tait aussi son serviteur puisque Mr Havette en \u00e9tait le Pr\u00e9sident fondateur\u2026Ce qui ne manquait pas certaines fois de peser sur les relations entre les deux sections\u2026..<\/p><p>Pendant quatre ans j\u2019ai beaucoup appr\u00e9ci\u00e9 les amis que j\u2019ai rencontr\u00e9s au sein du club, nous avons fait beaucoup de sorties \u00e9maill\u00e9es de fou rire, nous avions \u00e0 cette \u00e9poque-l\u00e0, d\u00e9j\u00e0, des joyeux lurons qui ne manquaient aucune occasion pour plaisanter sur n\u2019importe quel sujet\u2026Michel Autissier (Le grand Michel) \u00e9tait au sommet de sa forme, chaque dimanche il \u00e9tait le chef de file dans les c\u00f4tes, gagnait le classement des grimpeurs et redescendait ladite c\u00f4te jusqu\u2019au dernier pour l\u2019accompagner jusqu\u2019au sommet. Ensuite il reprenait tr\u00e8s souvent la direction des op\u00e9rations et assurait un rythme permettant \u00e0 tout le monde de suivre.<\/p><p>Enfin c\u2019\u00e9tait une bonne ambiance, mais nous \u00e9tions beaucoup moins nombreux que nous ne le sommes actuellement, puisque la section de l\u2019\u00e9poque comptait 15 ou 16 adh\u00e9rents, nous \u00e9tions les grands jours 10\/12 \u00e0 rejoindre la Place de Verdun, l\u2019hiver il arrivait que nous ne soyons 3\/4 au d\u00e9part.<\/p><p>Il ne reste de cette \u00e9poque que Serge Drevet, et moi-m\u00eame. Tous les autres sont arriv\u00e9s apr\u00e8s, ou juste avant que les relations avec les dirigeants de la comp\u00e8t ne se g\u00e2tent et soient \u00e0 l\u2019origine de la cr\u00e9ation de l\u2019UVT. J\u2019avais \u00e9t\u00e9 le pr\u00e9curseur de nouvelles animations et avais pris quelques responsabilit\u00e9s pour cette section du club qui me concernait.<\/p><p>Et un jour ce qui devait arriver, arriva&#8230; Mr Havette me prend \u00e0 rebrousse-poil, et je d\u00e9cide de quitter la responsabilit\u00e9 pour laquelle je m\u2019\u00e9tais investi. J\u2019en fais part lors d\u2019une r\u00e9union de section et branle-bas de combat, tout le monde me soutient. Les amis de la section cyclo me demandent de cr\u00e9er un club ind\u00e9pendant, ma surprise est de taille, mais l\u2019id\u00e9e m\u2019est sympathique, avec quelques copains nous en avertissons le Pr\u00e9sident Havette qui dans un premier temps n\u2019y voit pas d\u2019inconv\u00e9nients et nous donne son accord verbal\u2026.Le maire de Taverny est aussi en accord avec nous et nous donne son aval.<\/p><p>La suite ne sera pas de m\u00eame calibre, les courriers re\u00e7us de nos anciens dirigeants feront m\u00eame l\u2019objet de plaintes au commissariat de police tellement les propos de cesdits courriers \u00e9taient diffamatoires envers tous les membres du bureau du nouveau club et particuli\u00e8rement pour moi et le secr\u00e9taire. Mais le meilleur \u00e9tait devant nous car \u00e0 partir de ce moment-l\u00e0, l\u2019UV Taverny ne fera que progresser et franchement cela a \u00e9t\u00e9 pour moi un r\u00e9gal d\u2019investissement, ma passion et l\u2019amiti\u00e9 qui m\u2019a li\u00e9 pendant toutes ces ann\u00e9es \u00e0 tous les adh\u00e9rents on fait de moi un Pr\u00e9sident combl\u00e9\u2026.<\/p><p>L\u2019UVT est donc n\u00e9e au mois d\u2019ao\u00fbt 1985, j\u2019en ai assum\u00e9 la pr\u00e9sidence jusqu\u2019en 2005 o\u00f9 pour des raisons de retraite et de vie priv\u00e9e, je me suis retir\u00e9 de la pr\u00e9sidence. J\u2019ai transmis ma couronne \u00e0 mon Vice-Pr\u00e9sident Alain Marqu\u00e8s qui se d\u00e9voue car le soir de l\u2019assembl\u00e9e g\u00e9n\u00e9rale les candidats \u00e0 ma succession ne sont pas l\u00e9gion\u2026\u2026Pas l\u00e9gion du tout, car aucun membre pr\u00e9sent ce soir-l\u00e0 ne se sent l\u2019\u00e2me et la volont\u00e9 de reprendre le flambeau. Il a assum\u00e9 pendant quatre ann\u00e9es la pr\u00e9sidence, avant lui aussi de laisser sa succession \u00e0 Patrice Blanchet, qui est actuellement le Pr\u00e9sident en exercice. Alain est lui \u00e0 l\u2019origine de la section VTT en 1987, ils ont \u00e9t\u00e9 deux pratiquants pendant plusieurs mois\u2026. (C\u2019\u00e9tait les d\u00e9buts du VTT\u2026.) Sa pers\u00e9v\u00e9rance a gagn\u00e9, la section VTT a grandi petit \u00e0 petit. Lui aussi a donn\u00e9 beaucoup de sa passion et de son temps au club, il a \u00e9t\u00e9 un vice-pr\u00e9sident actif et g\u00e9n\u00e9reux, un bon soutien pour moi et pour toutes les animations du club.<\/p><p>Michel BAZIRE, Pr\u00e9sident fondateur de l\u2019U V Taverny<\/p><p>Notre regrett\u00e9 pr\u00e9sident fondateur nous a quitt\u00e9s le 21 mai 2018.<br \/>Nous lui sommes grandement reconnaissants pour tout ce qu\u2019il a apport\u00e9 \u00e0 l\u2019UV Taverny. Nous lui avons d\u00e9dicac\u00e9 notre randonn\u00e9e annuelle qui s\u2019appelle depuis, la Michel BAZIRE Tabernacienne.<\/p><p>A partir de 2010, Patrice BLANCHET a brillamment assum\u00e9 la pr\u00e9sidence pendant 12 ann\u00e9es durant lesquelles il a continu\u00e9 \u00e0 faire prosp\u00e9rer le club.<\/p><p>En 2022 Damien ADOLPHE lui a succ\u00e9d\u00e9.<\/p><p>Le 11 f\u00e9vrier 2024, Fr\u00e9d\u00e9ric RONDEAU, notre Vice-Pr\u00e9sident, nous a quitt\u00e9.<br \/>Nous le remercions pour son investissement au sein du club. <br \/>Appr\u00e9ci\u00e9 de tous, il animait avec passion la section VTT et organisait les parcours de notre randonn\u00e9e, il nous manque. \u00a0 R.I.P<\/p>\t\t\t\t\t\t\t\t<\/div>\n\t\t\t\t<\/div>\n\t\t\t\t\t<\/div>\n\t\t<\/div>\n\t\t\t\t\t<\/div>\n\t\t<\/section>\n\t\t\t\t<\/div>\n\t\t","protected":false},"excerpt":{"rendered":"<p>L&rsquo;Union V\u00e9locip\u00e9dique Tabernacienne, un club\u2026.une passion\u2026Une belle histoire\u2026 Tout a certainement commenc\u00e9, le jour o\u00f9 nous d\u00e9cidons d\u2019investir Taverny en 1976, pour y r\u00e9sider. Effectivement nous arrivons le 14 d\u00e9cembre, avec toute ma famille, d\u2019Argenteuil pour la Rue Gay- Lussac \u00e0 Taverny. Une fois les travaux d\u2019am\u00e9nagements de la maison termin\u00e9s, je d\u00e9cide un dimanche [&hellip;]<\/p>\n","protected":false},"author":1,"featured_media":0,"parent":0,"menu_order":0,"comment_status":"closed","ping_status":"closed","template":"","meta":{"om_disable_all_campaigns":false,"_monsterinsights_skip_tracking":false,"_monsterinsights_sitenote_active":false,"_monsterinsights_sitenote_note":"","_monsterinsights_sitenote_category":0,"site-sidebar-layout":"no-sidebar","site-content-layout":"page-builder","ast-site-content-layout":"default","site-content-style":"default","site-sidebar-style":"default","ast-global-header-display":"","ast-banner-title-visibility":"","ast-main-header-display":"","ast-hfb-above-header-display":"","ast-hfb-below-header-display":"","ast-hfb-mobile-header-display":"","site-post-title":"disabled","ast-breadcrumbs-content":"","ast-featured-img":"disabled","footer-sml-layout":"","ast-disable-related-posts":"","theme-transparent-header-meta":"","adv-header-id-meta":"","stick-header-meta":"","header-above-stick-meta":"","header-main-stick-meta":"","header-below-stick-meta":"","astra-migrate-meta-layouts":"default","ast-page-background-enabled":"default","ast-page-background-meta":{"desktop":{"background-color":"var(--ast-global-color-4)","background-image":"","background-repeat":"repeat","background-position":"center center","background-size":"auto","background-attachment":"scroll","background-type":"","background-media":"","overlay-type":"","overlay-color":"","overlay-opacity":"","overlay-gradient":""},"tablet":{"background-color":"","background-image":"","background-repeat":"repeat","background-position":"center center","background-size":"auto","background-attachment":"scroll","background-type":"","background-media":"","overlay-type":"","overlay-color":"","overlay-opacity":"","overlay-gradient":""},"mobile":{"background-color":"","background-image":"","background-repeat":"repeat","background-position":"center center","background-size":"auto","background-attachment":"scroll","background-type":"","background-media":"","overlay-type":"","overlay-color":"","overlay-opacity":"","overlay-gradient":""}},"ast-content-background-meta":{"desktop":{"background-color":"var(--ast-global-color-5)","background-image":"","background-repeat":"repeat","background-position":"center center","background-size":"auto","background-attachment":"scroll","background-type":"","background-media":"","overlay-type":"","overlay-color":"","overlay-opacity":"","overlay-gradient":""},"tablet":{"background-color":"var(--ast-global-color-5)","background-image":"","background-repeat":"repeat","background-position":"center center","background-size":"auto","background-attachment":"scroll","background-type":"","background-media":"","overlay-type":"","overlay-color":"","overlay-opacity":"","overlay-gradient":""},"mobile":{"background-color":"var(--ast-global-color-5)","background-image":"","background-repeat":"repeat","background-position":"center center","background-size":"auto","background-attachment":"scroll","background-type":"","background-media":"","overlay-type":"","overlay-color":"","overlay-opacity":"","overlay-gradient":""}},"footnotes":""},"folder":[],"class_list":["post-149","page","type-page","status-publish","hentry"],"aioseo_notices":[],"_links":{"self":[{"href":"https:\/\/uvtaverny.fr\/index.php\/wp-json\/wp\/v2\/pages\/149","targetHints":{"allow":["GET"]}}],"collection":[{"href":"https:\/\/uvtaverny.fr\/index.php\/wp-json\/wp\/v2\/pages"}],"about":[{"href":"https:\/\/uvtaverny.fr\/index.php\/wp-json\/wp\/v2\/types\/page"}],"author":[{"embeddable":true,"href":"https:\/\/uvtaverny.fr\/index.php\/wp-json\/wp\/v2\/users\/1"}],"replies":[{"embeddable":true,"href":"https:\/\/uvtaverny.fr\/index.php\/wp-json\/wp\/v2\/comments?post=149"}],"version-history":[{"count":21,"href":"https:\/\/uvtaverny.fr\/index.php\/wp-json\/wp\/v2\/pages\/149\/revisions"}],"predecessor-version":[{"id":6157,"href":"https:\/\/uvtaverny.fr\/index.php\/wp-json\/wp\/v2\/pages\/149\/revisions\/6157"}],"wp:attachment":[{"href":"https:\/\/uvtaverny.fr\/index.php\/wp-json\/wp\/v2\/media?parent=149"}],"wp:term":[{"taxonomy":"folder","embeddable":true,"href":"https:\/\/uvtaverny.fr\/index.php\/wp-json\/wp\/v2\/folder?post=149"}],"curies":[{"name":"wp","href":"https:\/\/api.w.org\/{rel}","templated":true}]}}